{"id":2115,"date":"2023-01-20T12:27:34","date_gmt":"2023-01-20T10:27:34","guid":{"rendered":"http:\/\/www.eagpv.at\/?page_id=2115"},"modified":"2026-03-28T23:25:27","modified_gmt":"2026-03-28T21:25:27","slug":"speiseplan-linz","status":"publish","type":"page","link":"http:\/\/www.eagpv.at\/?page_id=2115","title":{"rendered":"Speiseplan Linz"},"content":{"rendered":"<p><a href=\"http:\/\/www.eagpv.at\/dokumente\/Speiseplan_Linz\/Speiseplan_Linz_2026_04.pdf\" target=\"_blank\" rel=\"noopener\"><img loading=\"lazy\" decoding=\"async\" class=\"alignnone  wp-image-2033\" src=\"http:\/\/www.eagpv.at\/wp-content\/uploads\/2022\/11\/Icon_Speisekarte.jpg\" alt=\"\" width=\"80\" height=\"68\" \/> <\/a><span style=\"color: #339966;\"><a style=\"color: #339966;\" href=\"http:\/\/www.eagpv.at\/dokumente\/Speiseplan_Linz\/Speiseplan_Linz_2026_04.pdf\" target=\"_blank\" rel=\"noopener\"><strong>Speiseplan April<\/strong><b>\u00a02026<\/b><\/a>\u00a0 \u00a0\u00a0<a style=\"color: #339966;\" href=\"http:\/\/www.eagpv.at\/dokumente\/Speiseplan_Linz\/Speiseplan_Linz_allergen_2026_04.pdf\" target=\"_blank\" rel=\"noopener\"><em>&gt;&gt;&gt; Info Allergene<\/em><\/a><\/span><\/p>\n<hr \/>\n<p><a href=\"http:\/\/www.eagpv.at\/dokumente\/Speiseplan_Linz\/Speiseplan_Linz_2026_03.pdf\" target=\"_blank\" rel=\"noopener\"><img loading=\"lazy\" decoding=\"async\" class=\"alignnone  wp-image-2033\" src=\"http:\/\/www.eagpv.at\/wp-content\/uploads\/2022\/11\/Icon_Speisekarte.jpg\" alt=\"\" width=\"80\" height=\"68\" \/> <\/a><a href=\"http:\/\/www.eagpv.at\/dokumente\/Speiseplan_Linz\/Speiseplan_Linz_2026_03.pdf\" target=\"_blank\" rel=\"noopener\"><span style=\"color: #ff0000;\"><strong>Speiseplan M\u00e4rz<\/strong><b>\u00a02026<\/b><\/span><\/a><span style=\"color: #ff0000;\">\u00a0 \u00a0\u00a0<a style=\"color: #ff0000;\" href=\"http:\/\/www.eagpv.at\/dokumente\/Speiseplan_Linz\/Speiseplan_Linz_allergen_2026_03.pdf\" target=\"_blank\" rel=\"noopener\"><em>&gt;&gt;&gt; Info Allergene<\/em><\/a><\/span><\/p>\n<hr \/>\n<p><a href=\"http:\/\/www.eagpv.at\/dokumente\/Speiseplan_Linz\/Speiseplan_Linz_2026_02.pdf\" target=\"_blank\" rel=\"noopener\"><img loading=\"lazy\" decoding=\"async\" class=\"alignnone  wp-image-2033\" src=\"http:\/\/www.eagpv.at\/wp-content\/uploads\/2022\/11\/Icon_Speisekarte.jpg\" alt=\"\" width=\"80\" height=\"68\" \/> <\/a><span style=\"color: #808080;\"><a style=\"color: #808080;\" href=\"http:\/\/www.eagpv.at\/dokumente\/Speiseplan_Linz\/Speiseplan_Linz_2026_02.pdf\" target=\"_blank\" rel=\"noopener\"><strong>Speiseplan Februar<\/strong><b>\u00a02026<\/b><\/a>\u00a0 \u00a0\u00a0<a style=\"color: #808080;\" href=\"http:\/\/www.eagpv.at\/dokumente\/Speiseplan_Linz\/Speiseplan_Linz_allergen_2026_02.pdf\" target=\"_blank\" rel=\"noopener\"><em>&gt;&gt;&gt; Info Allergene<\/em><\/a><\/span><\/p>\n<hr \/>\n<p><a href=\"http:\/\/www.eagpv.at\/dokumente\/Speiseplan_Linz\/Speiseplan_Linz_2026_01.pdf\" target=\"_blank\" rel=\"noopener\"><img loading=\"lazy\" decoding=\"async\" class=\"alignnone  wp-image-2033\" src=\"http:\/\/www.eagpv.at\/wp-content\/uploads\/2022\/11\/Icon_Speisekarte.jpg\" alt=\"\" width=\"80\" height=\"68\" \/> <\/a><span style=\"color: #808080;\"><a style=\"color: #808080;\" href=\"http:\/\/www.eagpv.at\/dokumente\/Speiseplan_Linz\/Speiseplan_Linz_2026_01.pdf\" target=\"_blank\" rel=\"noopener\"><strong>Speiseplan <\/strong><b>J\u00e4nner 2026<\/b><\/a>\u00a0 \u00a0\u00a0<a style=\"color: #808080;\" href=\"http:\/\/www.eagpv.at\/dokumente\/Speiseplan_Linz\/Speiseplan_Linz_allergen_2026_01.pdf\" target=\"_blank\" rel=\"noopener\"><em>&gt;&gt;&gt; Info Allergene<\/em><\/a><\/span><\/p>\n<hr \/>\n<p><a href=\"http:\/\/www.eagpv.at\/dokumente\/Speiseplan_Linz\/Speiseplan_Linz_2025_12.pdf\" target=\"_blank\" rel=\"noopener\"><img loading=\"lazy\" decoding=\"async\" class=\"alignnone  wp-image-2033\" src=\"http:\/\/www.eagpv.at\/wp-content\/uploads\/2022\/11\/Icon_Speisekarte.jpg\" alt=\"\" width=\"80\" height=\"68\" \/> <\/a><span style=\"color: #808080;\"><a style=\"color: #808080;\" href=\"http:\/\/www.eagpv.at\/dokumente\/Speiseplan_Linz\/Speiseplan_Linz_2025_12.pdf\" target=\"_blank\" rel=\"noopener\"><strong>Speiseplan Dezember<\/strong><\/a><a style=\"color: #808080;\" href=\"http:\/\/www.eagpv.at\/dokumente\/Speiseplan_Linz\/Speiseplan_Linz_2025_12.pdf\" target=\"_blank\" rel=\"noopener\"><strong> 2025<\/strong><\/a>\u00a0 \u00a0 \u00a0<a style=\"color: #808080;\" href=\"http:\/\/www.eagpv.at\/dokumente\/Speiseplan_Linz\/Speiseplan_Linz_allergen_2025_12.pdf\" target=\"_blank\" rel=\"noopener\"><em>&gt;&gt;&gt; Info Allergene<\/em><\/a><\/span><\/p>\n<hr \/>\n<p><a href=\"http:\/\/www.eagpv.at\/dokumente\/Speiseplan_Linz\/Speiseplan_Linz_2025_11.pdf\" target=\"_blank\" rel=\"noopener\"><img loading=\"lazy\" decoding=\"async\" class=\"alignnone  wp-image-2033\" src=\"http:\/\/www.eagpv.at\/wp-content\/uploads\/2022\/11\/Icon_Speisekarte.jpg\" alt=\"\" width=\"80\" height=\"68\" \/> <\/a><span style=\"color: #808080;\"><a style=\"color: #808080;\" href=\"http:\/\/www.eagpv.at\/dokumente\/Speiseplan_Linz\/Speiseplan_Linz_2025_11.pdf\" target=\"_blank\" rel=\"noopener\"><strong>Speiseplan November<\/strong><\/a><a style=\"color: #808080;\" href=\"http:\/\/www.eagpv.at\/dokumente\/Speiseplan_Linz\/Speiseplan_Linz_2025_11.pdf\" target=\"_blank\" rel=\"noopener\"><strong> 2025<\/strong><\/a>\u00a0 \u00a0 \u00a0<a style=\"color: #808080;\" href=\"http:\/\/www.eagpv.at\/dokumente\/Speiseplan_Linz\/Speiseplan_Linz_allergen_2025_11.pdf\" target=\"_blank\" rel=\"noopener\"><em>&gt;&gt;&gt; Info Allergene<\/em><\/a><\/span><\/p>\n<hr \/>\n<p><a href=\"http:\/\/www.eagpv.at\/dokumente\/Speiseplan_Linz\/Speiseplan_Linz_2025_10.pdf\" target=\"_blank\" rel=\"noopener\"><img loading=\"lazy\" decoding=\"async\" class=\"alignnone  wp-image-2033\" src=\"http:\/\/www.eagpv.at\/wp-content\/uploads\/2022\/11\/Icon_Speisekarte.jpg\" alt=\"\" width=\"80\" height=\"68\" \/> <\/a><span style=\"color: #808080;\"><a style=\"color: #808080;\" href=\"http:\/\/www.eagpv.at\/dokumente\/Speiseplan_Linz\/Speiseplan_Linz_2025_10.pdf\" target=\"_blank\" rel=\"noopener\"><strong>Speiseplan Oktober 2025<\/strong><\/a>\u00a0 \u00a0 \u00a0<a style=\"color: #808080;\" href=\"http:\/\/www.eagpv.at\/dokumente\/Speiseplan_Linz\/Speiseplan_Linz_allergen_2025_10.pdf\" target=\"_blank\" rel=\"noopener\"><em>&gt;&gt;&gt; Info Allergene<\/em><\/a><\/span><\/p>\n<hr \/>\n<p><a href=\"http:\/\/www.eagpv.at\/dokumente\/Speiseplan_Linz\/Speiseplan_Linz_2025_09.pdf\" target=\"_blank\" rel=\"noopener\"><img loading=\"lazy\" decoding=\"async\" class=\"alignnone  wp-image-2033\" src=\"http:\/\/www.eagpv.at\/wp-content\/uploads\/2022\/11\/Icon_Speisekarte.jpg\" alt=\"\" width=\"80\" height=\"68\" \/> <\/a><span style=\"color: #808080;\"><a style=\"color: #808080;\" href=\"http:\/\/www.eagpv.at\/dokumente\/Speiseplan_Linz\/Speiseplan_Linz_2025_09.pdf\" target=\"_blank\" rel=\"noopener\"><strong>Speiseplan September 2025<\/strong><\/a>\u00a0 \u00a0 \u00a0<a style=\"color: #808080;\" href=\"http:\/\/www.eagpv.at\/dokumente\/Speiseplan_Linz\/Speiseplan_Linz_allergen_2025_09.pdf\" target=\"_blank\" rel=\"noopener\"><em>&gt;&gt;&gt; Info Allergene<\/em><\/a><\/span><\/p>\n<hr \/>\n<p><a href=\"http:\/\/www.eagpv.at\/dokumente\/Speiseplan_Linz\/Speiseplan_Linz_2025_08.pdf\" target=\"_blank\" rel=\"noopener\"><img loading=\"lazy\" decoding=\"async\" class=\"alignnone  wp-image-2033\" src=\"http:\/\/www.eagpv.at\/wp-content\/uploads\/2022\/11\/Icon_Speisekarte.jpg\" alt=\"\" width=\"80\" height=\"68\" \/> <\/a><span style=\"color: #808080;\"><a style=\"color: #808080;\" href=\"http:\/\/www.eagpv.at\/dokumente\/Speiseplan_Linz\/Speiseplan_Linz_2025_08.pdf\" target=\"_blank\" rel=\"noopener\"><strong>Speiseplan August 2025<\/strong><\/a>\u00a0 \u00a0 \u00a0<a style=\"color: #808080;\" href=\"http:\/\/www.eagpv.at\/dokumente\/Speiseplan_Linz\/Speiseplan_Linz_allergen_2025_08.pdf\" target=\"_blank\" rel=\"noopener\"><em>&gt;&gt;&gt; Info Allergene<\/em><\/a><\/span><\/p>\n<hr \/>\n<p><a href=\"http:\/\/www.eagpv.at\/dokumente\/Speiseplan_Linz\/Speiseplan_Linz_2025_07.pdf\" target=\"_blank\" rel=\"noopener\"><img loading=\"lazy\" decoding=\"async\" class=\"alignnone  wp-image-2033\" src=\"http:\/\/www.eagpv.at\/wp-content\/uploads\/2022\/11\/Icon_Speisekarte.jpg\" alt=\"\" width=\"80\" height=\"68\" \/> <\/a><span style=\"color: #808080;\"><a style=\"color: #808080;\" href=\"http:\/\/www.eagpv.at\/dokumente\/Speiseplan_Linz\/Speiseplan_Linz_2025_07.pdf\" target=\"_blank\" rel=\"noopener\"><strong>Speiseplan Juni 2025<\/strong><\/a>\u00a0 \u00a0 \u00a0<a style=\"color: #808080;\" href=\"http:\/\/www.eagpv.at\/dokumente\/Speiseplan_Linz\/Speiseplan_Linz_allergen_2025_07.pdf\" target=\"_blank\" rel=\"noopener\"><em>&gt;&gt;&gt; Info Allergene<\/em><\/a><\/span><\/p>\n<hr \/>\n<p><a href=\"http:\/\/www.eagpv.at\/dokumente\/Speiseplan_Linz\/Speiseplan_Linz_2025_06.pdf\" target=\"_blank\" rel=\"noopener\"><img loading=\"lazy\" decoding=\"async\" class=\"alignnone  wp-image-2033\" src=\"http:\/\/www.eagpv.at\/wp-content\/uploads\/2022\/11\/Icon_Speisekarte.jpg\" alt=\"\" width=\"80\" height=\"68\" \/> <\/a><span style=\"color: #808080;\"><a style=\"color: #808080;\" href=\"http:\/\/www.eagpv.at\/dokumente\/Speiseplan_Linz\/Speiseplan_Linz_2025_06.pdf\" target=\"_blank\" rel=\"noopener\"><strong>Speiseplan Juni 2025<\/strong><\/a>\u00a0 \u00a0 \u00a0<a style=\"color: #808080;\" href=\"http:\/\/www.eagpv.at\/dokumente\/Speiseplan_Linz\/Speiseplan_Linz_allergen_2025_06.pdf\" target=\"_blank\" rel=\"noopener\"><em>&gt;&gt;&gt; Info Allergene<\/em><\/a><\/span><\/p>\n<hr \/>\n<p><a href=\"http:\/\/www.eagpv.at\/dokumente\/Speiseplan_Linz\/Speiseplan_Linz_2025_05.pdf\" target=\"_blank\" rel=\"noopener\"><img loading=\"lazy\" decoding=\"async\" class=\"alignnone  wp-image-2033\" src=\"http:\/\/www.eagpv.at\/wp-content\/uploads\/2022\/11\/Icon_Speisekarte.jpg\" alt=\"\" width=\"80\" height=\"68\" \/> <\/a><span style=\"color: #808080;\"><a style=\"color: #808080;\" href=\"http:\/\/www.eagpv.at\/dokumente\/Speiseplan_Linz\/Speiseplan_Linz_2025_05.pdf\" target=\"_blank\" rel=\"noopener\"><strong>Speiseplan Mai 2025<\/strong><\/a>\u00a0 \u00a0 \u00a0<a style=\"color: #808080;\" href=\"http:\/\/www.eagpv.at\/dokumente\/Speiseplan_Linz\/Speiseplan_Linz_allergen_2025_05.pdf\" target=\"_blank\" rel=\"noopener\"><em>&gt;&gt;&gt; Info Allergene<\/em><\/a><\/span><\/p>\n<hr \/>\n<p><a href=\"http:\/\/www.eagpv.at\/dokumente\/Speiseplan_Linz\/Speiseplan_Linz_2025_04.pdf\" target=\"_blank\" rel=\"noopener\"><img loading=\"lazy\" decoding=\"async\" class=\"alignnone  wp-image-2033\" src=\"http:\/\/www.eagpv.at\/wp-content\/uploads\/2022\/11\/Icon_Speisekarte.jpg\" alt=\"\" width=\"80\" height=\"68\" \/> <\/a><span style=\"color: #808080;\"><a style=\"color: #808080;\" href=\"http:\/\/www.eagpv.at\/dokumente\/Speiseplan_Linz\/Speiseplan_Linz_2025_04.pdf\" target=\"_blank\" rel=\"noopener\"><strong>Speiseplan April 2025<\/strong><\/a>\u00a0 \u00a0 \u00a0<a style=\"color: #808080;\" href=\"http:\/\/www.eagpv.at\/dokumente\/Speiseplan_Linz\/Speiseplan_Linz_allergen_2025_04.pdf\" target=\"_blank\" rel=\"noopener\"><em>&gt;&gt;&gt; Info Allergene<\/em><\/a><\/span><\/p>\n<hr \/>\n<p><a href=\"http:\/\/www.eagpv.at\/dokumente\/Speiseplan_Linz\/Speiseplan_Linz_2025_03.pdf\" target=\"_blank\" rel=\"noopener\"><img loading=\"lazy\" decoding=\"async\" class=\"alignnone  wp-image-2033\" src=\"http:\/\/www.eagpv.at\/wp-content\/uploads\/2022\/11\/Icon_Speisekarte.jpg\" alt=\"\" width=\"80\" height=\"68\" \/> <\/a><span style=\"color: #808080;\"><a style=\"color: #808080;\" href=\"http:\/\/www.eagpv.at\/dokumente\/Speiseplan_Linz\/Speiseplan_Linz_2025_03.pdf\" target=\"_blank\" rel=\"noopener\"><strong>Speiseplan M\u00e4rz 2025<\/strong><\/a>\u00a0 \u00a0 \u00a0<a style=\"color: #808080;\" href=\"http:\/\/www.eagpv.at\/dokumente\/Speiseplan_Linz\/Speiseplan_Linz_allergen_2025_03.pdf\" target=\"_blank\" rel=\"noopener\"><em>&gt;&gt;&gt; Info Allergene<\/em><\/a><\/span><\/p>\n<hr \/>\n<p><a href=\"http:\/\/www.eagpv.at\/dokumente\/Speiseplan_Linz\/Speiseplan_Linz_2025_02.pdf\" target=\"_blank\" rel=\"noopener\"><img loading=\"lazy\" decoding=\"async\" class=\"alignnone  wp-image-2033\" src=\"http:\/\/www.eagpv.at\/wp-content\/uploads\/2022\/11\/Icon_Speisekarte.jpg\" alt=\"\" width=\"80\" height=\"68\" \/> <\/a><span style=\"color: #808080;\"><a style=\"color: #808080;\" href=\"http:\/\/www.eagpv.at\/dokumente\/Speiseplan_Linz\/Speiseplan_Linz_2025_02.pdf\" target=\"_blank\" rel=\"noopener\"><strong>Speiseplan Februar 2025<\/strong><\/a>\u00a0 \u00a0 \u00a0<a style=\"color: #808080;\" href=\"http:\/\/www.eagpv.at\/dokumente\/Speiseplan_Linz\/Speiseplan_Linz_allergen_2025_02.pdf\" target=\"_blank\" rel=\"noopener\"><em>&gt;&gt;&gt; Info Allergene<\/em><\/a><\/span><\/p>\n<hr \/>\n<p><a href=\"http:\/\/www.eagpv.at\/dokumente\/Speiseplan_Linz\/Speiseplan_Linz_2025_01.pdf\" target=\"_blank\" rel=\"noopener\"><img loading=\"lazy\" decoding=\"async\" class=\"alignnone  wp-image-2033\" src=\"http:\/\/www.eagpv.at\/wp-content\/uploads\/2022\/11\/Icon_Speisekarte.jpg\" alt=\"\" width=\"80\" height=\"68\" \/> <\/a><span style=\"color: #808080;\"><a style=\"color: #808080;\" href=\"http:\/\/www.eagpv.at\/dokumente\/Speiseplan_Linz\/Speiseplan_Linz_2025_01.pdf\" target=\"_blank\" rel=\"noopener\"><strong>Speiseplan J\u00e4nner 2025<\/strong><\/a>\u00a0 \u00a0 \u00a0<a style=\"color: #808080;\" href=\"http:\/\/www.eagpv.at\/dokumente\/Speiseplan_Linz\/Speiseplan_Linz_allergen_2025_01.pdf\" target=\"_blank\" rel=\"noopener\"><em>&gt;&gt;&gt; Info Allergene<\/em><\/a><\/span><\/p>\n<hr \/>\n<p><a href=\"http:\/\/www.eagpv.at\/dokumente\/Speiseplan_Linz\/Speiseplan_Linz_2024_12.pdf\" target=\"_blank\" rel=\"noopener\"><img loading=\"lazy\" decoding=\"async\" class=\"alignnone  wp-image-2033\" src=\"http:\/\/www.eagpv.at\/wp-content\/uploads\/2022\/11\/Icon_Speisekarte.jpg\" alt=\"\" width=\"80\" height=\"68\" \/> <\/a><span style=\"color: #808080;\"><a style=\"color: #808080;\" href=\"http:\/\/www.eagpv.at\/dokumente\/Speiseplan_Linz\/Speiseplan_Linz_2024_12.pdf\" target=\"_blank\" rel=\"noopener\"><strong>Speiseplan Dezember 2024<\/strong><\/a>\u00a0 \u00a0 \u00a0<a style=\"color: #808080;\" href=\"http:\/\/www.eagpv.at\/dokumente\/Speiseplan_Linz\/Speiseplan_Linz_allergen_2024_12.pdf\" target=\"_blank\" rel=\"noopener\"><em>&gt;&gt;&gt; Info Allergene<\/em><\/a><\/span><\/p>\n<hr \/>\n<p><a href=\"http:\/\/www.eagpv.at\/dokumente\/Speiseplan_Linz\/Speiseplan_Linz_2024_11.pdf\" target=\"_blank\" rel=\"noopener\"><img loading=\"lazy\" decoding=\"async\" class=\"alignnone  wp-image-2033\" src=\"http:\/\/www.eagpv.at\/wp-content\/uploads\/2022\/11\/Icon_Speisekarte.jpg\" alt=\"\" width=\"80\" height=\"68\" \/> <\/a><span style=\"color: #808080;\"><a style=\"color: #808080;\" href=\"http:\/\/www.eagpv.at\/dokumente\/Speiseplan_Linz\/Speiseplan_Linz_2024_11.pdf\" target=\"_blank\" rel=\"noopener\"><strong>Speiseplan November 2024<\/strong><\/a>\u00a0 \u00a0 \u00a0<a style=\"color: #808080;\" href=\"http:\/\/www.eagpv.at\/dokumente\/Speiseplan_Linz\/Speiseplan_Linz_allergen_2024_11.pdf\" target=\"_blank\" rel=\"noopener\"><em>&gt;&gt;&gt; Info Allergene<\/em><\/a><\/span><\/p>\n<hr \/>\n<p><a href=\"http:\/\/www.eagpv.at\/dokumente\/Speiseplan_Linz\/Speiseplan_Linz_2024_10.pdf\" target=\"_blank\" rel=\"noopener\"><img loading=\"lazy\" decoding=\"async\" class=\"alignnone  wp-image-2033\" src=\"http:\/\/www.eagpv.at\/wp-content\/uploads\/2022\/11\/Icon_Speisekarte.jpg\" alt=\"\" width=\"80\" height=\"68\" \/> <\/a><span style=\"color: #808080;\"><a style=\"color: #808080;\" href=\"http:\/\/www.eagpv.at\/dokumente\/Speiseplan_Linz\/Speiseplan_Linz_2024_10.pdf\" target=\"_blank\" rel=\"noopener\"><strong>Speiseplan Oktober 2024<\/strong><\/a>\u00a0 \u00a0 \u00a0<a style=\"color: #808080;\" href=\"http:\/\/www.eagpv.at\/dokumente\/Speiseplan_Linz\/Speiseplan_Linz_allergen_2024_10.pdf\" target=\"_blank\" rel=\"noopener\"><em>&gt;&gt;&gt; Info Allergene<\/em><\/a><\/span><\/p>\n<hr \/>\n<p><a href=\"http:\/\/www.eagpv.at\/dokumente\/Speiseplan_Linz\/Speiseplan_Linz_2024_08_09.pdf\" target=\"_blank\" rel=\"noopener\"><img loading=\"lazy\" decoding=\"async\" class=\"alignnone  wp-image-2033\" src=\"http:\/\/www.eagpv.at\/wp-content\/uploads\/2022\/11\/Icon_Speisekarte.jpg\" alt=\"\" width=\"80\" height=\"68\" \/> <\/a><span style=\"color: #808080;\"><a style=\"color: #808080;\" href=\"http:\/\/www.eagpv.at\/dokumente\/Speiseplan_Linz\/Speiseplan_Linz_2024_08_09.pdf\" target=\"_blank\" rel=\"noopener\"><strong>Speiseplan August\/September 2024<\/strong><\/a>\u00a0 \u00a0 \u00a0<a style=\"color: #808080;\" href=\"http:\/\/www.eagpv.at\/dokumente\/Speiseplan_Linz\/Speiseplan_Linz_allergen_2024_08_09.pdf\" target=\"_blank\" rel=\"noopener\"><em>&gt;&gt;&gt; Info Allergene<\/em><\/a><\/span><\/p>\n<hr \/>\n<p><a href=\"http:\/\/www.eagpv.at\/dokumente\/Speiseplan_Linz\/Speiseplan_Linz_2024_07.pdf\" target=\"_blank\" rel=\"noopener\"><img loading=\"lazy\" decoding=\"async\" class=\"alignnone  wp-image-2033\" src=\"http:\/\/www.eagpv.at\/wp-content\/uploads\/2022\/11\/Icon_Speisekarte.jpg\" alt=\"\" width=\"80\" height=\"68\" \/> <\/a><span style=\"color: #808080;\"><a style=\"color: #808080;\" href=\"http:\/\/www.eagpv.at\/dokumente\/Speiseplan_Linz\/Speiseplan_Linz_2024_07.pdf\" target=\"_blank\" rel=\"noopener\"><strong>Speiseplan Juli 2024<\/strong><\/a>\u00a0 \u00a0 \u00a0<a style=\"color: #808080;\" href=\"http:\/\/www.eagpv.at\/dokumente\/Speiseplan_Linz\/Speiseplan_Linz_allergen_2024_07.pdf\" target=\"_blank\" rel=\"noopener\"><em>&gt;&gt;&gt; Info Allergene<\/em><\/a><\/span><\/p>\n<hr \/>\n<p><a href=\"http:\/\/www.eagpv.at\/dokumente\/Speiseplan_Linz\/Speiseplan_Linz_2024_06.pdf\" target=\"_blank\" rel=\"noopener\"><img loading=\"lazy\" decoding=\"async\" class=\"alignnone  wp-image-2033\" src=\"http:\/\/www.eagpv.at\/wp-content\/uploads\/2022\/11\/Icon_Speisekarte.jpg\" alt=\"\" width=\"80\" height=\"68\" \/> <\/a><span style=\"color: #808080;\"><a style=\"color: #808080;\" href=\"http:\/\/www.eagpv.at\/dokumente\/Speiseplan_Linz\/Speiseplan_Linz_2024_06.pdf\" target=\"_blank\" rel=\"noopener\"><strong>Speiseplan Juni 2024<\/strong><\/a>\u00a0 \u00a0 \u00a0<a style=\"color: #808080;\" href=\"http:\/\/www.eagpv.at\/dokumente\/Speiseplan_Linz\/Speiseplan_Linz_allergen_2024_06.pdf\" target=\"_blank\" rel=\"noopener\"><em>&gt;&gt;&gt; Info Allergene<\/em><\/a><\/span><\/p>\n<hr \/>\n<p><a href=\"http:\/\/www.eagpv.at\/dokumente\/Speiseplan_Linz\/Speiseplan_Linz_2024_05.pdf\" target=\"_blank\" rel=\"noopener\"><img loading=\"lazy\" decoding=\"async\" class=\"alignnone  wp-image-2033\" src=\"http:\/\/www.eagpv.at\/wp-content\/uploads\/2022\/11\/Icon_Speisekarte.jpg\" alt=\"\" width=\"80\" height=\"68\" \/><\/a><span style=\"color: #808080;\"> <a style=\"color: #808080;\" href=\"http:\/\/www.eagpv.at\/dokumente\/Speiseplan_Linz\/Speiseplan_Linz_2024_05.pdf\" target=\"_blank\" rel=\"noopener\"><strong>Speiseplan April 2024<\/strong><\/a>\u00a0 \u00a0 \u00a0<a style=\"color: #808080;\" href=\"http:\/\/www.eagpv.at\/dokumente\/Speiseplan_Linz\/Speiseplan_Linz_allergen_2024_05.pdf\" target=\"_blank\" rel=\"noopener\"><em>&gt;&gt;&gt; Info Allergene<\/em><\/a><\/span><\/p>\n<hr \/>\n<p><a href=\"http:\/\/www.eagpv.at\/dokumente\/Speiseplan_Linz\/Speiseplan_Linz_2024_04.pdf\" target=\"_blank\" rel=\"noopener\"><img loading=\"lazy\" decoding=\"async\" class=\"alignnone  wp-image-2033\" src=\"http:\/\/www.eagpv.at\/wp-content\/uploads\/2022\/11\/Icon_Speisekarte.jpg\" alt=\"\" width=\"80\" height=\"68\" \/><\/a><span style=\"color: #808080;\"> <a style=\"color: #808080;\" href=\"http:\/\/www.eagpv.at\/dokumente\/Speiseplan_Linz\/Speiseplan_Linz_2024_04.pdf\" target=\"_blank\" rel=\"noopener\"><strong>Speiseplan April 2024<\/strong><\/a>\u00a0 \u00a0 \u00a0<a style=\"color: #808080;\" href=\"http:\/\/www.eagpv.at\/dokumente\/Speiseplan_Linz\/Speiseplan_Linz_allergen_2024_04.pdf\" target=\"_blank\" rel=\"noopener\"><em>&gt;&gt;&gt; Info Allergene<\/em><\/a><\/span><\/p>\n<hr \/>\n<p><a href=\"http:\/\/www.eagpv.at\/dokumente\/Speiseplan_Linz\/Speiseplan_Linz_2024_03.pdf\" target=\"_blank\" rel=\"noopener\"><img loading=\"lazy\" decoding=\"async\" class=\"alignnone  wp-image-2033\" src=\"http:\/\/www.eagpv.at\/wp-content\/uploads\/2022\/11\/Icon_Speisekarte.jpg\" alt=\"\" width=\"80\" height=\"68\" \/><\/a><span style=\"color: #ff0000;\"><span style=\"color: #808080;\"> <a style=\"color: #808080;\" href=\"http:\/\/www.eagpv.at\/dokumente\/Speiseplan_Linz\/Speiseplan_Linz_2024_03.pdf\" target=\"_blank\" rel=\"noopener\"><strong>Speiseplan M\u00e4rz 2024<\/strong><\/a>\u00a0 \u00a0 \u00a0<\/span><a style=\"color: #ff0000;\" href=\"http:\/\/www.eagpv.at\/dokumente\/Speiseplan_Linz\/Speiseplan_Linz_allergen_2024_03.pdf\" target=\"_blank\" rel=\"noopener\"><em><span style=\"color: #808080;\">&gt;&gt;&gt; Info Allergene<\/span><\/em><\/a><\/span><\/p>\n<hr \/>\n<p><a href=\"http:\/\/www.eagpv.at\/dokumente\/Speiseplan_Linz\/Speiseplan_Linz_2024_02.pdf\" target=\"_blank\" rel=\"noopener\"><img loading=\"lazy\" decoding=\"async\" class=\"alignnone  wp-image-2033\" src=\"http:\/\/www.eagpv.at\/wp-content\/uploads\/2022\/11\/Icon_Speisekarte.jpg\" alt=\"\" width=\"80\" height=\"68\" \/><span style=\"color: #999999;\">\u00a0 <\/span><\/a><span style=\"color: #999999;\"><a style=\"color: #999999;\" href=\"http:\/\/www.eagpv.at\/dokumente\/Speiseplan_Linz\/Speiseplan_Linz_2024_02.pdf\" target=\"_blank\" rel=\"noopener\"><strong>Speiseplan Februar 2024<\/strong><\/a><a style=\"color: #999999;\" href=\"http:\/\/www.eagpv.at\/dokumente\/Speiseplan_Linz\/Speiseplan_Linz_2023_10.pdf\" target=\"_blank\" rel=\"noopener\">\u00a0 \u00a0 \u00a0\u00a0<\/a><a style=\"color: #999999;\" href=\"http:\/\/www.eagpv.at\/dokumente\/Speiseplan_Linz\/Speiseplan_Linz_allergen_2024_02.pdf\" target=\"_blank\" rel=\"noopener\"><em>&gt;&gt;&gt; Info Allergene<\/em><\/a><\/span><\/p>\n<hr \/>\n<p><a href=\"http:\/\/www.eagpv.at\/dokumente\/Speiseplan_Linz\/Speiseplan_Linz_2024_01.pdf\" target=\"_blank\" rel=\"noopener\"><img loading=\"lazy\" decoding=\"async\" class=\"alignnone  wp-image-2033\" src=\"http:\/\/www.eagpv.at\/wp-content\/uploads\/2022\/11\/Icon_Speisekarte.jpg\" alt=\"\" width=\"80\" height=\"68\" \/><span style=\"color: #999999;\">\u00a0 <\/span><\/a><span style=\"color: #999999;\"><a style=\"color: #999999;\" href=\"http:\/\/www.eagpv.at\/dokumente\/Speiseplan_Linz\/Speiseplan_Linz_2024_01.pdf\" target=\"_blank\" rel=\"noopener\"><strong>Speiseplan J\u00e4nner 2024<\/strong><\/a><a style=\"color: #999999;\" href=\"http:\/\/www.eagpv.at\/dokumente\/Speiseplan_Linz\/Speiseplan_Linz_2023_10.pdf\" target=\"_blank\" rel=\"noopener\">\u00a0 \u00a0 \u00a0\u00a0<\/a><a style=\"color: #999999;\" href=\"http:\/\/www.eagpv.at\/dokumente\/Speiseplan_Linz\/Speiseplan_Linz_allergen_2024_01.pdf\" target=\"_blank\" rel=\"noopener\"><em>&gt;&gt;&gt; Info Allergene<\/em><\/a><\/span><\/p>\n<hr \/>\n<p><a href=\"http:\/\/www.eagpv.at\/wp-content\/uploads\/2023\/01\/Betriebsrestaurant-Oeffnungszeiten-scaled.jpg\"><img loading=\"lazy\" decoding=\"async\" class=\"wp-image-2121 aligncenter\" src=\"http:\/\/www.eagpv.at\/wp-content\/uploads\/2023\/01\/Betriebsrestaurant-Oeffnungszeiten-300x212.jpg\" alt=\"\" width=\"408\" height=\"288\" srcset=\"http:\/\/www.eagpv.at\/wp-content\/uploads\/2023\/01\/Betriebsrestaurant-Oeffnungszeiten-300x212.jpg 300w, http:\/\/www.eagpv.at\/wp-content\/uploads\/2023\/01\/Betriebsrestaurant-Oeffnungszeiten-1024x724.jpg 1024w, http:\/\/www.eagpv.at\/wp-content\/uploads\/2023\/01\/Betriebsrestaurant-Oeffnungszeiten-768x543.jpg 768w, http:\/\/www.eagpv.at\/wp-content\/uploads\/2023\/01\/Betriebsrestaurant-Oeffnungszeiten-1536x1086.jpg 1536w, http:\/\/www.eagpv.at\/wp-content\/uploads\/2023\/01\/Betriebsrestaurant-Oeffnungszeiten-2048x1448.jpg 2048w\" sizes=\"auto, (max-width: 408px) 100vw, 408px\" \/><\/a><\/p>\n<hr \/>\n<p><a href=\"http:\/\/www.eagpv.at\/dokumente\/Speiseplan_Linz\/Speiseplan_Linz_2023_12.pdf\" target=\"_blank\" rel=\"noopener\"><img loading=\"lazy\" decoding=\"async\" class=\"alignnone  wp-image-2033\" src=\"http:\/\/www.eagpv.at\/wp-content\/uploads\/2022\/11\/Icon_Speisekarte.jpg\" alt=\"\" width=\"80\" height=\"68\" \/><span style=\"color: #ff0000;\">\u00a0 <\/span><\/a><span style=\"color: #ff0000;\"><span style=\"color: #999999;\"><a style=\"color: #999999;\" href=\"http:\/\/www.eagpv.at\/dokumente\/Speiseplan_Linz\/Speiseplan_Linz_2023_12.pdf\" target=\"_blank\" rel=\"noopener\"><strong>Speiseplan Dezember 2023<\/strong><\/a><a style=\"color: #999999;\" href=\"http:\/\/www.eagpv.at\/dokumente\/Speiseplan_Linz\/Speiseplan_Linz_2023_10.pdf\" target=\"_blank\" rel=\"noopener\"> \u00a0\u00a0\u00a0\u00a0 <\/a><\/span><a style=\"color: #ff0000;\" href=\"http:\/\/www.eagpv.at\/dokumente\/Speiseplan_Linz\/Speiseplan_Linz_allergen_2023_12.pdf\" target=\"_blank\" rel=\"noopener\"><em><span style=\"color: #999999;\">&gt;&gt;&gt; Info Allergene<\/span><\/em><\/a><\/span><\/p>\n<p>Unser Betriebsrestaurant ist von <strong>22.12.2023 bis einschlie\u00dflich 05.01.2024<\/strong> geschlossen.<\/p>\n<p>Auf diesem Weg m\u00f6chten wir uns f\u00fcr die gute Zusammenarbeit bedanken und w\u00fcnschen Ihnen und Ihren Familien ein gesegnetes Weihnachtsfest und einen guten Rutsch ins Jahr 2024!<\/p>\n<p>Freundliche Gr\u00fc\u00dfe<br \/>\n<strong>Gerald Kollmann<br \/>\n<\/strong><\/p>\n<hr \/>\n<p><a href=\"http:\/\/www.eagpv.at\/dokumente\/Speiseplan_Linz\/Speiseplan_Linz_2023_11.pdf\" target=\"_blank\" rel=\"noopener\"><img loading=\"lazy\" decoding=\"async\" class=\"alignnone  wp-image-2033\" src=\"http:\/\/www.eagpv.at\/wp-content\/uploads\/2022\/11\/Icon_Speisekarte.jpg\" alt=\"\" width=\"80\" height=\"68\" \/>\u00a0 <\/a><span style=\"color: #999999;\"><a style=\"color: #999999;\" href=\"http:\/\/www.eagpv.at\/dokumente\/Speiseplan_Linz\/Speiseplan_Linz_2023_11.pdf\" target=\"_blank\" rel=\"noopener\"><strong>Speiseplan November 2023<\/strong><\/a><a style=\"color: #999999;\" href=\"http:\/\/www.eagpv.at\/dokumente\/Speiseplan_Linz\/Speiseplan_Linz_2023_10.pdf\" target=\"_blank\" rel=\"noopener\"> \u00a0\u00a0\u00a0\u00a0 <\/a><a style=\"color: #999999;\" href=\"http:\/\/www.eagpv.at\/dokumente\/Speiseplan_Linz\/Speiseplan_Linz_allergen_2023_11.pdf\" target=\"_blank\" rel=\"noopener\"><em>&gt;&gt;&gt; Info Allergene<\/em><\/a><\/span><\/p>\n<hr \/>\n<p><a href=\"http:\/\/www.eagpv.at\/dokumente\/Speiseplan_Linz\/Speiseplan_Linz_2023_10.pdf\" target=\"_blank\" rel=\"noopener\"><img loading=\"lazy\" decoding=\"async\" class=\"alignnone  wp-image-2033\" src=\"http:\/\/www.eagpv.at\/wp-content\/uploads\/2022\/11\/Icon_Speisekarte.jpg\" alt=\"\" width=\"80\" height=\"68\" \/><\/a> <a href=\"http:\/\/www.eagpv.at\/dokumente\/Speiseplan_Linz\/Speiseplan_Linz_2023_10.pdf\" target=\"_blank\" rel=\"noopener\"><strong><span style=\"color: #999999;\">Speiseplan Oktober\u00a02023\u00a0<\/span>\u00a0<\/strong><\/a>\u00a0 \u00a0 \u00a0 \u00a0\u00a0 \u00a0\u00a0 <span style=\"color: #999999;\"><a style=\"color: #999999;\" href=\"http:\/\/www.eagpv.at\/dokumente\/Speiseplan_Linz\/Speiseplan_Linz_allergen_2023_10.pdf\" target=\"_blank\" rel=\"noopener\"><em>&gt;&gt;&gt; Info Allergene<\/em><\/a><\/span><\/p>\n<hr \/>\n<p><a href=\"http:\/\/www.eagpv.at\/dokumente\/Speiseplan_Linz\/Speiseplan_Linz_2023_09.pdf\" target=\"_blank\" rel=\"noopener\"><img loading=\"lazy\" decoding=\"async\" class=\"alignnone  wp-image-2033\" src=\"http:\/\/www.eagpv.at\/wp-content\/uploads\/2022\/11\/Icon_Speisekarte.jpg\" alt=\"\" width=\"80\" height=\"68\" \/> <\/a><span style=\"color: #999999;\"><a style=\"color: #999999;\" href=\"http:\/\/www.eagpv.at\/dokumente\/Speiseplan_Linz\/Speiseplan_Linz_2023_09.pdf\" target=\"_blank\" rel=\"noopener\"><strong>Speiseplan\u00a0<span style=\"caret-color: #ff0000;\">September<\/span>\u00a02023\u00a0\u00a0\u00a0<\/strong><\/a><a style=\"color: #999999;\" href=\"http:\/\/www.eagpv.at\/dokumente\/Speiseplan_Linz\/Speiseplan_Linz_2023_08.pdf\" target=\"_blank\" rel=\"noopener\">\u00a0\u00a0\u00a0\u00a0\u00a0 \u00a0<\/a><a style=\"color: #999999;\" href=\"http:\/\/www.eagpv.at\/dokumente\/Speiseplan_Linz\/Speiseplan_Linz_allergen_2023_09.pdf\" target=\"_blank\" rel=\"noopener\"><em>&gt;&gt;&gt; Info Allergene<\/em><\/a><\/span><\/p>\n<hr \/>\n<p><a href=\"http:\/\/www.eagpv.at\/dokumente\/Speiseplan_Linz\/Speiseplan_Linz_2023_08.pdf\" target=\"_blank\" rel=\"noopener\"><img loading=\"lazy\" decoding=\"async\" class=\"alignnone  wp-image-2033\" src=\"http:\/\/www.eagpv.at\/wp-content\/uploads\/2022\/11\/Icon_Speisekarte.jpg\" alt=\"\" width=\"80\" height=\"68\" \/><\/a><span style=\"color: #999999;\"><a style=\"color: #999999;\" href=\"http:\/\/www.eagpv.at\/dokumente\/Speiseplan_Linz\/Speiseplan_Linz_2023_08.pdf\" target=\"_blank\" rel=\"noopener\"><strong>Speiseplan August 2023\u00a0\u00a0\u00a0<\/strong><\/a>\u00a0 \u00a0 \u00a0\u00a0 \u00a0\u00a0 \u00a0\u00a0 \u00a0<a style=\"color: #999999;\" href=\"http:\/\/www.eagpv.at\/dokumente\/Speiseplan_Linz\/Speiseplan_Linz_allergen_2023_08.pdf\" target=\"_blank\" rel=\"noopener\"><em>&gt;&gt;&gt; Info Allergene<\/em><\/a><\/span><\/p>\n<hr \/>\n<p><a href=\"http:\/\/www.eagpv.at\/dokumente\/Speiseplan_Linz\/Speiseplan_Linz_2023_07.pdf\" target=\"_blank\" rel=\"noopener\"><img loading=\"lazy\" decoding=\"async\" class=\"alignnone  wp-image-2033\" src=\"http:\/\/www.eagpv.at\/wp-content\/uploads\/2022\/11\/Icon_Speisekarte.jpg\" alt=\"\" width=\"80\" height=\"68\" \/><\/a><span style=\"color: #999999;\"><a style=\"color: #999999;\" href=\"http:\/\/www.eagpv.at\/dokumente\/Speiseplan_Linz\/Speiseplan_Linz_2023_07.pdf\" target=\"_blank\" rel=\"noopener\"><strong>Speiseplan Juli 2023<\/strong><\/a>\u00a0 \u00a0 \u00a0 \u00a0 \u00a0 \u00a0 \u00a0 \u00a0 <a style=\"color: #999999;\" href=\"http:\/\/www.eagpv.at\/dokumente\/Speiseplan_Linz\/Speiseplan_Linz_allergen_2023_07.pdf\" target=\"_blank\" rel=\"noopener\"><em>&gt;&gt;&gt; Info Allergene<\/em><\/a><\/span><\/p>\n<hr \/>\n<p><a href=\"http:\/\/www.eagpv.at\/dokumente\/Speiseplan_Linz\/Speiseplan_Linz_2023_06.pdf\" target=\"_blank\" rel=\"noopener\"><img loading=\"lazy\" decoding=\"async\" class=\"alignnone  wp-image-2033\" src=\"http:\/\/www.eagpv.at\/wp-content\/uploads\/2022\/11\/Icon_Speisekarte.jpg\" alt=\"\" width=\"80\" height=\"68\" \/> <\/a><span style=\"color: #999999;\"><a style=\"color: #999999;\" href=\"http:\/\/www.eagpv.at\/dokumente\/Speiseplan_Linz\/Speiseplan_Linz_2023_06.pdf\" target=\"_blank\" rel=\"noopener\"><strong>Speiseplan Juni 2023<\/strong> <\/a>\u00a0 \u00a0 \u00a0 \u00a0 \u00a0 \u00a0\u00a0<a style=\"color: #999999;\" href=\"http:\/\/www.eagpv.at\/dokumente\/Speiseplan_Linz\/Speiseplan_Linz_allergen_2023_06.pdf\" target=\"_blank\" rel=\"noopener\"><em>&gt;&gt;&gt; Info Allergene<\/em><\/a><\/span><\/p>\n<hr \/>\n<p><a href=\"http:\/\/www.eagpv.at\/dokumente\/Speiseplan_Linz\/Speiseplan_Linz_2023_05.pdf\" target=\"_blank\" rel=\"noopener\"><img loading=\"lazy\" decoding=\"async\" class=\"alignnone  wp-image-2033\" src=\"http:\/\/www.eagpv.at\/wp-content\/uploads\/2022\/11\/Icon_Speisekarte.jpg\" alt=\"\" width=\"80\" height=\"68\" \/><\/a><span style=\"color: #999999;\">\u00a0<a style=\"color: #999999;\" href=\"http:\/\/www.eagpv.at\/dokumente\/Speiseplan_Linz\/Speiseplan_Linz_2023_05.pdf\" target=\"_blank\" rel=\"noopener\"><strong>Speiseplan Mai 2023<\/strong> <\/a>\u00a0 \u00a0 \u00a0 \u00a0 \u00a0 \u00a0 \u00a0\u00a0<a style=\"color: #999999;\" href=\"http:\/\/www.eagpv.at\/dokumente\/Speiseplan_Linz\/Speiseplan_Linz_allergen_2023_05.pdf\" target=\"_blank\" rel=\"noopener\"><em>&gt;&gt;&gt; Info Allergene<\/em><\/a><\/span><\/p>\n<hr \/>\n<p><a href=\"http:\/\/www.eagpv.at\/dokumente\/Speiseplan_Linz\/Speiseplan_Linz_2023_04.pdf\" target=\"_blank\" rel=\"noopener\"><img loading=\"lazy\" decoding=\"async\" class=\"alignnone  wp-image-2033\" src=\"http:\/\/www.eagpv.at\/wp-content\/uploads\/2022\/11\/Icon_Speisekarte.jpg\" alt=\"\" width=\"80\" height=\"68\" \/><\/a><span style=\"color: #999999;\"><strong><a style=\"color: #999999;\" href=\"http:\/\/www.eagpv.at\/dokumente\/Speiseplan_Linz\/Speiseplan_Linz_2023_04.pdf\" target=\"_blank\" rel=\"noopener\">Speiseplan April 2023<\/a>\u00a0 \u00a0 \u00a0 \u00a0 \u00a0 \u00a0 \u00a0 \u00a0<\/strong><em><a style=\"color: #999999;\" href=\"http:\/\/www.eagpv.at\/dokumente\/Speiseplan_Linz\/Speiseplan_Linz_allergen_2023_04.pdf\" target=\"_blank\" rel=\"noopener\">&gt;&gt;&gt; Info Allergene<\/a><br \/>\n<\/em><\/span><\/p>\n<hr \/>\n<p><a href=\"http:\/\/www.eagpv.at\/dokumente\/Speiseplan_Linz\/Speiseplan_Linz_2023_03.pdf\" target=\"_blank\" rel=\"noopener\"><img loading=\"lazy\" decoding=\"async\" class=\"alignnone  wp-image-2033\" src=\"http:\/\/www.eagpv.at\/wp-content\/uploads\/2022\/11\/Icon_Speisekarte.jpg\" alt=\"\" width=\"80\" height=\"68\" \/><\/a><span style=\"color: #999999;\"><a style=\"color: #999999;\" href=\"http:\/\/www.eagpv.at\/dokumente\/Speiseplan_Linz\/Speiseplan_Linz_2023_01.pdf\">\u00a0<\/a><strong><a style=\"color: #999999;\" href=\"http:\/\/www.eagpv.at\/dokumente\/Speiseplan_Linz\/Speiseplan_Linz_2023_03.pdf\" target=\"_blank\" rel=\"noopener\">Speiseplan M\u00e4rz 2023<\/a>\u00a0 \u00a0 \u00a0 \u00a0 \u00a0 \u00a0 \u00a0 \u00a0\u00a0<\/strong>\u00a0<em><a style=\"color: #999999;\" href=\"http:\/\/www.eagpv.at\/dokumente\/Speiseplan_Linz\/Speiseplan_Linz_allergen_2023_03.pdf\" target=\"_blank\" rel=\"noopener\">&gt;&gt;&gt; Info Allergene<\/a><br \/>\n<\/em><\/span><\/p>\n<hr \/>\n<p><a href=\"http:\/\/www.eagpv.at\/dokumente\/Speiseplan_Linz\/Speiseplan_Linz_2023_02.pdf\" target=\"_blank\" rel=\"noopener\"><img loading=\"lazy\" decoding=\"async\" class=\"alignnone  wp-image-2033\" src=\"http:\/\/www.eagpv.at\/wp-content\/uploads\/2022\/11\/Icon_Speisekarte.jpg\" alt=\"\" width=\"80\" height=\"68\" \/><\/a><span style=\"color: #999999;\"><a style=\"color: #999999;\" href=\"http:\/\/www.eagpv.at\/dokumente\/Speiseplan_Linz\/Speiseplan_Linz_2023_01.pdf\">\u00a0<\/a><a style=\"color: #999999;\" href=\"http:\/\/www.eagpv.at\/dokumente\/Speiseplan_Linz\/Speiseplan_Linz_2023_02.pdf\" target=\"_blank\" rel=\"noopener\"><strong>Speiseplan Februar 2023<\/strong><\/a>\u00a0<\/span> \u00a0 \u00a0 \u00a0<span style=\"color: #999999;\"> \u00a0 \u00a0<em><a style=\"color: #999999;\" href=\"http:\/\/www.eagpv.at\/dokumente\/Speiseplan_Linz\/Speiseplan_Linz_allergen_2023_02.pdf\" target=\"_blank\" rel=\"noopener\">&gt;&gt;&gt; Info Allergene<\/a><br \/>\n<\/em><\/span><\/p>\n<hr \/>\n<p><a href=\"http:\/\/www.eagpv.at\/dokumente\/Speiseplan_Linz\/Speiseplan_Linz_2023_01.pdf\" target=\"_blank\" rel=\"noopener\"><img loading=\"lazy\" decoding=\"async\" class=\"alignnone  wp-image-2033\" src=\"http:\/\/www.eagpv.at\/wp-content\/uploads\/2022\/11\/Icon_Speisekarte.jpg\" alt=\"\" width=\"80\" height=\"68\" \/> <\/a><span style=\"color: #999999;\"><a style=\"color: #999999;\" href=\"http:\/\/www.eagpv.at\/dokumente\/Speiseplan_Linz\/Speiseplan_Linz_2023_01.pdf\" target=\"_blank\" rel=\"noopener\"><strong>Speiseplan J\u00e4nner 2023<\/strong><\/a><\/span><\/p>\n<hr \/>\n<p>&nbsp;<\/p>\n","protected":false},"excerpt":{"rendered":"<p>Speiseplan April\u00a02026\u00a0 \u00a0\u00a0&gt;&gt;&gt; Info Allergene Speiseplan M\u00e4rz\u00a02026\u00a0 \u00a0\u00a0&gt;&gt;&gt; Info Allergene Speiseplan Februar\u00a02026\u00a0 \u00a0\u00a0&gt;&gt;&gt; Info Allergene Speiseplan J\u00e4nner 2026\u00a0 \u00a0\u00a0&gt;&gt;&gt; Info Allergene Speiseplan Dezember 2025\u00a0 \u00a0 \u00a0&gt;&gt;&gt; Info Allergene Speiseplan November 2025\u00a0 \u00a0 \u00a0&gt;&gt;&gt; Info Allergene Speiseplan Oktober 2025\u00a0 \u00a0 \u00a0&gt;&gt;&gt; Info Allergene Speiseplan September 2025\u00a0 \u00a0 \u00a0&gt;&gt;&gt; Info Allergene Speiseplan August 2025\u00a0 \u00a0 \u00a0&gt;&gt;&gt; Info &hellip; <a href=\"http:\/\/www.eagpv.at\/?page_id=2115\" class=\"more-link\"><span class=\"screen-reader-text\">Speiseplan Linz<\/span> weiterlesen <span class=\"meta-nav\">&rarr;<\/span><\/a><\/p>\n","protected":false},"author":3,"featured_media":0,"parent":0,"menu_order":0,"comment_status":"closed","ping_status":"closed","template":"","meta":{"footnotes":""},"class_list":["post-2115","page","type-page","status-publish","hentry"],"_links":{"self":[{"href":"http:\/\/www.eagpv.at\/index.php?rest_route=\/wp\/v2\/pages\/2115","targetHints":{"allow":["GET"]}}],"collection":[{"href":"http:\/\/www.eagpv.at\/index.php?rest_route=\/wp\/v2\/pages"}],"about":[{"href":"http:\/\/www.eagpv.at\/index.php?rest_route=\/wp\/v2\/types\/page"}],"author":[{"embeddable":true,"href":"http:\/\/www.eagpv.at\/index.php?rest_route=\/wp\/v2\/users\/3"}],"replies":[{"embeddable":true,"href":"http:\/\/www.eagpv.at\/index.php?rest_route=%2Fwp%2Fv2%2Fcomments&post=2115"}],"version-history":[{"count":66,"href":"http:\/\/www.eagpv.at\/index.php?rest_route=\/wp\/v2\/pages\/2115\/revisions"}],"predecessor-version":[{"id":2869,"href":"http:\/\/www.eagpv.at\/index.php?rest_route=\/wp\/v2\/pages\/2115\/revisions\/2869"}],"wp:attachment":[{"href":"http:\/\/www.eagpv.at\/index.php?rest_route=%2Fwp%2Fv2%2Fmedia&parent=2115"}],"curies":[{"name":"wp","href":"https:\/\/api.w.org\/{rel}","templated":true}]}}