{"id":84,"date":"2013-10-23T06:30:06","date_gmt":"2013-10-23T04:30:06","guid":{"rendered":"http:\/\/www.eagpv.at\/?page_id=84"},"modified":"2025-10-12T15:36:08","modified_gmt":"2025-10-12T13:36:08","slug":"todesfaelle","status":"publish","type":"page","link":"http:\/\/www.eagpv.at\/?page_id=84","title":{"rendered":"Todesf\u00e4lle"},"content":{"rendered":"<p>Unsere Verstorbenen 2024\u00a0 \u00a0 \u00a0 <em>(<a href=\"http:\/\/www.eagpv.at\/dokumente\/2025_EAGPV_Totenbgedenken.pdf\" target=\"_blank\" rel=\"noopener\">als PDF \u00f6ffnen &gt;&gt;&gt;<\/a>)<\/em> <a href=\"http:\/\/www.eagpv.at\/wp-content\/uploads\/2025\/10\/2025_EAGPV_Verstorbene_2024.png\" target=\"_blank\" rel=\"noopener\"><img loading=\"lazy\" decoding=\"async\" class=\"alignnone  wp-image-2773\" src=\"http:\/\/www.eagpv.at\/wp-content\/uploads\/2025\/10\/2025_EAGPV_Verstorbene_2024-300x196.png\" alt=\"\" width=\"569\" height=\"372\" srcset=\"http:\/\/www.eagpv.at\/wp-content\/uploads\/2025\/10\/2025_EAGPV_Verstorbene_2024-300x196.png 300w, http:\/\/www.eagpv.at\/wp-content\/uploads\/2025\/10\/2025_EAGPV_Verstorbene_2024-1024x670.png 1024w, http:\/\/www.eagpv.at\/wp-content\/uploads\/2025\/10\/2025_EAGPV_Verstorbene_2024-768x503.png 768w, http:\/\/www.eagpv.at\/wp-content\/uploads\/2025\/10\/2025_EAGPV_Verstorbene_2024.png 1398w\" sizes=\"auto, (max-width: 569px) 100vw, 569px\" \/><\/a><\/p>\n<p>Unsere Verstorbenen 2023<a href=\"http:\/\/www.eagpv.at\/wp-content\/uploads\/2023\/11\/2023_EAG_Totengedenken_Liste.png\" target=\"_blank\" rel=\"noopener\"><img loading=\"lazy\" decoding=\"async\" class=\"alignnone  wp-image-2321\" src=\"http:\/\/www.eagpv.at\/wp-content\/uploads\/2023\/11\/2023_EAG_Totengedenken_Liste-300x208.png\" alt=\"\" width=\"555\" height=\"385\" srcset=\"http:\/\/www.eagpv.at\/wp-content\/uploads\/2023\/11\/2023_EAG_Totengedenken_Liste-300x208.png 300w, http:\/\/www.eagpv.at\/wp-content\/uploads\/2023\/11\/2023_EAG_Totengedenken_Liste-1024x711.png 1024w, http:\/\/www.eagpv.at\/wp-content\/uploads\/2023\/11\/2023_EAG_Totengedenken_Liste-768x533.png 768w, http:\/\/www.eagpv.at\/wp-content\/uploads\/2023\/11\/2023_EAG_Totengedenken_Liste.png 1331w\" sizes=\"auto, (max-width: 555px) 100vw, 555px\" \/><\/a><\/p>\n<p>Unsere Verstorbenen 2022<br \/>\n<a href=\"http:\/\/www.eagpv.at\/wp-content\/uploads\/2022\/11\/2022_Verstorbene_01.jpg\" target=\"_blank\" rel=\"noopener\"><img loading=\"lazy\" decoding=\"async\" class=\"alignnone  wp-image-2021\" src=\"http:\/\/www.eagpv.at\/wp-content\/uploads\/2022\/11\/2022_Verstorbene_01-234x300.jpg\" alt=\"Verstorbene 2022_1\" width=\"309\" height=\"397\" srcset=\"http:\/\/www.eagpv.at\/wp-content\/uploads\/2022\/11\/2022_Verstorbene_01-234x300.jpg 234w, http:\/\/www.eagpv.at\/wp-content\/uploads\/2022\/11\/2022_Verstorbene_01-798x1024.jpg 798w, http:\/\/www.eagpv.at\/wp-content\/uploads\/2022\/11\/2022_Verstorbene_01-768x986.jpg 768w, http:\/\/www.eagpv.at\/wp-content\/uploads\/2022\/11\/2022_Verstorbene_01-1196x1536.jpg 1196w, http:\/\/www.eagpv.at\/wp-content\/uploads\/2022\/11\/2022_Verstorbene_01.jpg 1402w\" sizes=\"auto, (max-width: 309px) 100vw, 309px\" \/><\/a> <a href=\"http:\/\/www.eagpv.at\/wp-content\/uploads\/2022\/11\/2022_Verstorbene_02.jpg\" target=\"_blank\" rel=\"noopener\"><img loading=\"lazy\" decoding=\"async\" class=\"alignnone  wp-image-2023\" src=\"http:\/\/www.eagpv.at\/wp-content\/uploads\/2022\/11\/2022_Verstorbene_02-234x300.jpg\" alt=\"Verstorbene 2022_2\" width=\"304\" height=\"390\" srcset=\"http:\/\/www.eagpv.at\/wp-content\/uploads\/2022\/11\/2022_Verstorbene_02-234x300.jpg 234w, http:\/\/www.eagpv.at\/wp-content\/uploads\/2022\/11\/2022_Verstorbene_02-798x1024.jpg 798w, http:\/\/www.eagpv.at\/wp-content\/uploads\/2022\/11\/2022_Verstorbene_02-768x986.jpg 768w, http:\/\/www.eagpv.at\/wp-content\/uploads\/2022\/11\/2022_Verstorbene_02-1196x1536.jpg 1196w, http:\/\/www.eagpv.at\/wp-content\/uploads\/2022\/11\/2022_Verstorbene_02.jpg 1402w\" sizes=\"auto, (max-width: 304px) 100vw, 304px\" \/><\/a><\/p>\n<hr \/>\n<p>Unser Verstorbenen 2020<br \/>\n<a href=\"http:\/\/www.eagpv.at\/wp-content\/uploads\/2020\/11\/Verstorbene-EAG-2020-scaled.jpg\" target=\"_blank\" rel=\"noopener noreferrer\"><img loading=\"lazy\" decoding=\"async\" class=\"alignnone  wp-image-1712\" src=\"http:\/\/www.eagpv.at\/wp-content\/uploads\/2020\/11\/Verstorbene-EAG-2020-1024x724.jpg\" alt=\"Verstorbene 2020\" width=\"646\" height=\"457\" srcset=\"http:\/\/www.eagpv.at\/wp-content\/uploads\/2020\/11\/Verstorbene-EAG-2020-1024x724.jpg 1024w, http:\/\/www.eagpv.at\/wp-content\/uploads\/2020\/11\/Verstorbene-EAG-2020-300x212.jpg 300w, http:\/\/www.eagpv.at\/wp-content\/uploads\/2020\/11\/Verstorbene-EAG-2020-768x543.jpg 768w, http:\/\/www.eagpv.at\/wp-content\/uploads\/2020\/11\/Verstorbene-EAG-2020-1536x1087.jpg 1536w, http:\/\/www.eagpv.at\/wp-content\/uploads\/2020\/11\/Verstorbene-EAG-2020-2048x1449.jpg 2048w\" sizes=\"auto, (max-width: 646px) 100vw, 646px\" \/><\/a><br \/>\n<a href=\"http:\/\/www.eagpv.at\/wp-content\/uploads\/2020\/11\/Verstorbene-EAG-2020-scaled.jpg\" target=\"_blank\" rel=\"noopener noreferrer\">Zum Vergr\u00f6\u00dfern klicken &gt;&gt;&gt;<\/a><\/p>\n<hr \/>\n<p><strong>November 2019<\/strong><\/p>\n<table cellspacing=\"0\" cellpadding=\"0\">\n<tbody>\n<tr>\n<td valign=\"top\"><span style=\"color: #000000; font-family: Helvetica Neue; font-size: small;\"><b>17.10.2019<\/b><\/span><\/td>\n<td valign=\"top\"><span style=\"color: #000000; font-family: Helvetica Neue; font-size: small;\">Ing. Josef Prizovsky<\/span><\/td>\n<td valign=\"top\"><span style=\"color: #000000; font-family: Helvetica Neue; font-size: small;\">Ohlsdorf<\/span><\/td>\n<td valign=\"top\"><span style=\"color: #000000; font-family: Helvetica Neue; font-size: small;\">BL-Gmunden<\/span><\/td>\n<td valign=\"top\"><span style=\"color: #000000; font-family: Helvetica Neue; font-size: small;\">Betriebsleiter<\/span><\/td>\n<\/tr>\n<tr>\n<td valign=\"top\"><span style=\"color: #000000; font-family: Helvetica Neue; font-size: small;\"><b>19.10.2019<\/b><\/span><\/td>\n<td valign=\"top\"><span style=\"color: #000000; font-family: Helvetica Neue; font-size: small;\">Max Wagner<\/span><\/td>\n<td valign=\"top\"><span style=\"color: #000000; font-family: Helvetica Neue; font-size: small;\">Zell a. P.<\/span><\/td>\n<td valign=\"top\"><span style=\"color: #000000; font-family: Helvetica Neue; font-size: small;\">VL-West<\/span><\/td>\n<td valign=\"top\"><span style=\"color: #000000; font-family: Helvetica Neue; font-size: small;\">Kundenberater<\/span><\/td>\n<\/tr>\n<tr>\n<td valign=\"top\"><span style=\"color: #000000; font-family: Helvetica Neue; font-size: small;\"><b>15.11.2019<\/b><\/span><\/td>\n<td valign=\"top\"><span style=\"color: #000000; font-family: Helvetica Neue; font-size: small;\">Josef Scheichs<\/span><\/td>\n<td valign=\"top\"><span style=\"color: #000000; font-family: Helvetica Neue; font-size: small;\">Traunkirchen<\/span><\/td>\n<td valign=\"top\"><span style=\"color: #000000; font-family: Helvetica Neue; font-size: small;\">LE-Gmunden<\/span><\/td>\n<td valign=\"top\"><span style=\"color: #000000; font-family: Helvetica Neue; font-size: small;\">Techn. Angestellter<\/span><\/td>\n<\/tr>\n<\/tbody>\n<\/table>\n<p><strong>Oktober 2019<\/strong><\/p>\n<table style=\"height: 312px;\" width=\"614\" cellspacing=\"0\" cellpadding=\"0\">\n<tbody>\n<tr>\n<td valign=\"middle\"><span style=\"color: #000000; font-family: Helvetica Neue; font-size: small;\"><b>17.09.2019<\/b><\/span><\/td>\n<td valign=\"middle\"><span style=\"color: #000000; font-family: Helvetica Neue; font-size: small;\">Franz Nussbaumer<\/span><\/td>\n<td valign=\"middle\"><span style=\"color: #000000; font-family: Helvetica Neue; font-size: small;\">Traunkirchen<\/span><\/td>\n<td valign=\"middle\"><span style=\"color: #000000; font-family: Helvetica Neue; font-size: small;\">\u201eN\u201c-Gmunden<\/span><\/td>\n<td valign=\"middle\"><span style=\"color: #000000; font-family: Helvetica Neue; font-size: small;\">Lagerarbeiter<\/span><\/td>\n<\/tr>\n<tr>\n<td valign=\"middle\"><span style=\"color: #000000; font-family: Helvetica Neue; font-size: small;\"><b>02.10.2019<\/b><\/span><\/td>\n<td valign=\"middle\"><span style=\"color: #000000; font-family: Helvetica Neue; font-size: small;\">Ing. Heinz Jarolimek<\/span><\/td>\n<td valign=\"middle\"><span style=\"color: #000000; font-family: Helvetica Neue; font-size: small;\">Leonding<\/span><\/td>\n<td valign=\"middle\"><span style=\"color: #000000; font-family: Helvetica Neue; font-size: small;\">\u201eVM\u201c-Puchberg<\/span><\/td>\n<td valign=\"middle\"><span style=\"color: #000000; font-family: Helvetica Neue; font-size: small;\">Abteilungsleiter<\/span><\/td>\n<\/tr>\n<tr>\n<td valign=\"middle\"><span style=\"color: #000000; font-family: Helvetica Neue; font-size: small;\"><b>07.10.2019<\/b><\/span><\/td>\n<td valign=\"middle\"><span style=\"color: #000000; font-family: Helvetica Neue; font-size: small;\">Oskar Reitberger<\/span><\/td>\n<td valign=\"middle\"><span style=\"color: #000000; font-family: Helvetica Neue; font-size: small;\">Julbach<\/span><\/td>\n<td valign=\"middle\"><span style=\"color: #000000; font-family: Helvetica Neue; font-size: small;\">\u201eN\u201c-Linz<\/span><\/td>\n<td valign=\"middle\"><span style=\"color: #000000; font-family: Helvetica Neue; font-size: small;\">Partief\u00fchrer-Stv.<\/span><\/td>\n<\/tr>\n<tr>\n<td valign=\"middle\"><span style=\"color: #000000; font-family: Helvetica Neue; font-size: small;\"><b>11.10.2019<\/b><\/span><\/td>\n<td valign=\"middle\"><span style=\"color: #000000; font-family: Helvetica Neue; font-size: small;\">Leopold Posch<\/span><\/td>\n<td valign=\"middle\"><span style=\"color: #000000; font-family: Helvetica Neue; font-size: small;\">Gosau<\/span><\/td>\n<td valign=\"middle\"><span style=\"color: #000000; font-family: Helvetica Neue; font-size: small;\">BL-Gosau<\/span><\/td>\n<td valign=\"middle\"><span style=\"color: #000000; font-family: Helvetica Neue; font-size: small;\">Kraftwerksarbeiter<\/span><\/td>\n<\/tr>\n<tr>\n<td valign=\"middle\"><span style=\"color: #000000; font-family: Helvetica Neue; font-size: small;\"><b>12.10.2019<\/b><\/span><\/td>\n<td valign=\"middle\"><span style=\"color: #000000; font-family: Helvetica Neue; font-size: small;\">Karl Mitteregger<\/span><\/td>\n<td valign=\"middle\"><span style=\"color: #000000; font-family: Helvetica Neue; font-size: small;\">Ohlsdorf<\/span><\/td>\n<td valign=\"middle\"><span style=\"color: #000000; font-family: Helvetica Neue; font-size: small;\">Abt.: \u201eWe\u201c<\/span><\/td>\n<td valign=\"middle\"><span style=\"color: #000000; font-family: Helvetica Neue; font-size: small;\">Techn. Angestellter<\/span><\/td>\n<\/tr>\n<\/tbody>\n<\/table>\n<p><span style=\"color: #ff0000;\"><strong>2019<\/strong><\/span>\u00a0 <a href=\"http:\/\/www.eagpv.at\/dokumente\/2019_EAG_Gedenkliste.pdf\" target=\"_blank\" rel=\"noopener noreferrer\">Zur Liste der Verstorbenen<\/a><\/p>\n<p><span style=\"color: #ff0000;\"><strong><span style=\"color: #000000;\">2018<\/span><br \/>\n<\/strong><\/span><a href=\"http:\/\/www.eagpv.at\/wp-content\/uploads\/2018\/11\/Verstorbene_2018.jpg\" target=\"_blank\" rel=\"noopener noreferrer\"><img loading=\"lazy\" decoding=\"async\" class=\"alignnone wp-image-1176 size-full\" src=\"http:\/\/www.eagpv.at\/wp-content\/uploads\/2018\/11\/Verstorbene_2018.jpg\" alt=\"\" width=\"874\" height=\"616\" srcset=\"http:\/\/www.eagpv.at\/wp-content\/uploads\/2018\/11\/Verstorbene_2018.jpg 874w, http:\/\/www.eagpv.at\/wp-content\/uploads\/2018\/11\/Verstorbene_2018-300x211.jpg 300w, http:\/\/www.eagpv.at\/wp-content\/uploads\/2018\/11\/Verstorbene_2018-768x541.jpg 768w\" sizes=\"auto, (max-width: 874px) 100vw, 874px\" \/><\/a><\/p>\n<p><span style=\"color: #000000;\"><strong>2017<br \/>\n<\/strong><\/span><a href=\"http:\/\/www.eagpv.at\/wp-content\/uploads\/2017\/10\/2017_Verstorbene.jpg\" target=\"_blank\" rel=\"noopener noreferrer\"><img loading=\"lazy\" decoding=\"async\" class=\"alignnone wp-image-1141\" src=\"http:\/\/www.eagpv.at\/wp-content\/uploads\/2017\/10\/2017_Verstorbene-1024x729.jpg\" alt=\"TODESF\u00c4LLE 2017\" width=\"609\" height=\"434\" srcset=\"http:\/\/www.eagpv.at\/wp-content\/uploads\/2017\/10\/2017_Verstorbene-1024x729.jpg 1024w, http:\/\/www.eagpv.at\/wp-content\/uploads\/2017\/10\/2017_Verstorbene-300x214.jpg 300w, http:\/\/www.eagpv.at\/wp-content\/uploads\/2017\/10\/2017_Verstorbene-768x547.jpg 768w\" sizes=\"auto, (max-width: 609px) 100vw, 609px\" \/><\/a><\/p>\n<p><strong>2016<a href=\"http:\/\/www.eagpv.at\/wp-content\/uploads\/2013\/10\/2016_Verstorbenenliste.jpg\"><br \/>\n<\/a><a href=\"http:\/\/www.eagpv.at\/wp-content\/uploads\/2013\/10\/2016_Verstorbenenliste.jpg\" target=\"_blank\" rel=\"noopener noreferrer\"><img loading=\"lazy\" decoding=\"async\" class=\"alignnone wp-image-1028\" src=\"http:\/\/www.eagpv.at\/wp-content\/uploads\/2013\/10\/2016_Verstorbenenliste-1024x726.jpg\" alt=\"2016_verstorbenenliste\" width=\"628\" height=\"445\" srcset=\"http:\/\/www.eagpv.at\/wp-content\/uploads\/2013\/10\/2016_Verstorbenenliste-1024x726.jpg 1024w, http:\/\/www.eagpv.at\/wp-content\/uploads\/2013\/10\/2016_Verstorbenenliste-300x213.jpg 300w, http:\/\/www.eagpv.at\/wp-content\/uploads\/2013\/10\/2016_Verstorbenenliste-768x544.jpg 768w, http:\/\/www.eagpv.at\/wp-content\/uploads\/2013\/10\/2016_Verstorbenenliste.jpg 1419w\" sizes=\"auto, (max-width: 628px) 100vw, 628px\" \/><br \/>\n<\/a><\/strong><a href=\"http:\/\/www.eagpv.at\/wp-content\/uploads\/2013\/10\/2015_EAG_Tote_02.jpg\" target=\"_blank\" rel=\"noopener noreferrer\"><em>.<\/em><\/a><em>..anklicken um zu vergr\u00f6\u00dfern<\/em><\/p>\n<p><strong>2015<\/strong><br \/>\n<a href=\"http:\/\/www.eagpv.at\/wp-content\/uploads\/2013\/10\/2015_EAG_Tote_02.jpg\" target=\"_blank\" rel=\"noopener noreferrer\"><img loading=\"lazy\" decoding=\"async\" class=\"alignnone wp-image-988\" src=\"http:\/\/www.eagpv.at\/wp-content\/uploads\/2013\/10\/2015_EAG_Tote_02-1024x725.jpg\" alt=\"2015_EAG_Tote_02\" width=\"602\" height=\"426\" srcset=\"http:\/\/www.eagpv.at\/wp-content\/uploads\/2013\/10\/2015_EAG_Tote_02-1024x725.jpg 1024w, http:\/\/www.eagpv.at\/wp-content\/uploads\/2013\/10\/2015_EAG_Tote_02-300x212.jpg 300w, http:\/\/www.eagpv.at\/wp-content\/uploads\/2013\/10\/2015_EAG_Tote_02-768x543.jpg 768w, http:\/\/www.eagpv.at\/wp-content\/uploads\/2013\/10\/2015_EAG_Tote_02.jpg 1286w\" sizes=\"auto, (max-width: 602px) 100vw, 602px\" \/><\/a><\/p>\n<p><strong>2014<br \/>\n<\/strong><a href=\"http:\/\/www.eagpv.at\/wp-content\/uploads\/2013\/10\/Verstorbene2014.jpg\" target=\"_blank\" rel=\"noopener noreferrer\"><img loading=\"lazy\" decoding=\"async\" class=\"alignnone wp-image-551\" src=\"http:\/\/www.eagpv.at\/wp-content\/uploads\/2013\/10\/Verstorbene2014-300x226.jpg\" alt=\"Verstorbene2014\" width=\"603\" height=\"455\" srcset=\"http:\/\/www.eagpv.at\/wp-content\/uploads\/2013\/10\/Verstorbene2014-300x226.jpg 300w, http:\/\/www.eagpv.at\/wp-content\/uploads\/2013\/10\/Verstorbene2014-1024x773.jpg 1024w, http:\/\/www.eagpv.at\/wp-content\/uploads\/2013\/10\/Verstorbene2014.jpg 1200w\" sizes=\"auto, (max-width: 603px) 100vw, 603px\" \/><\/a><\/p>\n<p><strong>2013<\/strong><\/p>\n<p><span style=\"color: #000000;\">\u00a0<em>Bitte anklicken um zu vergr\u00f6\u00dfern.<\/em><\/span><\/p>\n<p><a href=\"http:\/\/www.eagpv.at\/wp-content\/uploads\/2013\/10\/Pate_Hochwimmer.jpg\" target=\"_blank\" rel=\"noopener noreferrer\"><img loading=\"lazy\" decoding=\"async\" class=\"alignnone wp-image-214 size-medium\" src=\"http:\/\/www.eagpv.at\/wp-content\/uploads\/2013\/10\/Pate_Hochwimmer-206x300.jpg\" alt=\"Pate_Hochwimmer\" width=\"206\" height=\"300\" srcset=\"http:\/\/www.eagpv.at\/wp-content\/uploads\/2013\/10\/Pate_Hochwimmer-206x300.jpg 206w, http:\/\/www.eagpv.at\/wp-content\/uploads\/2013\/10\/Pate_Hochwimmer.jpg 532w\" sizes=\"auto, (max-width: 206px) 100vw, 206px\" \/><\/a><\/p>\n<p><em>Bild anklicken um zu verg\u00f6\u00dfern<\/em><\/p>\n","protected":false},"excerpt":{"rendered":"<p>Unsere Verstorbenen 2024\u00a0 \u00a0 \u00a0 (als PDF \u00f6ffnen &gt;&gt;&gt;) Unsere Verstorbenen 2023 Unsere Verstorbenen 2022 Unser Verstorbenen 2020 Zum Vergr\u00f6\u00dfern klicken &gt;&gt;&gt; November 2019 17.10.2019 Ing. Josef Prizovsky Ohlsdorf BL-Gmunden Betriebsleiter 19.10.2019 Max Wagner Zell a. P. VL-West Kundenberater 15.11.2019 Josef Scheichs Traunkirchen LE-Gmunden Techn. Angestellter Oktober 2019 17.09.2019 Franz Nussbaumer Traunkirchen \u201eN\u201c-Gmunden Lagerarbeiter 02.10.2019 &hellip; <a href=\"http:\/\/www.eagpv.at\/?page_id=84\" class=\"more-link\"><span class=\"screen-reader-text\">Todesf\u00e4lle<\/span> weiterlesen <span class=\"meta-nav\">&rarr;<\/span><\/a><\/p>\n","protected":false},"author":3,"featured_media":87,"parent":0,"menu_order":0,"comment_status":"closed","ping_status":"closed","template":"","meta":{"footnotes":""},"class_list":["post-84","page","type-page","status-publish","has-post-thumbnail","hentry"],"_links":{"self":[{"href":"http:\/\/www.eagpv.at\/index.php?rest_route=\/wp\/v2\/pages\/84","targetHints":{"allow":["GET"]}}],"collection":[{"href":"http:\/\/www.eagpv.at\/index.php?rest_route=\/wp\/v2\/pages"}],"about":[{"href":"http:\/\/www.eagpv.at\/index.php?rest_route=\/wp\/v2\/types\/page"}],"author":[{"embeddable":true,"href":"http:\/\/www.eagpv.at\/index.php?rest_route=\/wp\/v2\/users\/3"}],"replies":[{"embeddable":true,"href":"http:\/\/www.eagpv.at\/index.php?rest_route=%2Fwp%2Fv2%2Fcomments&post=84"}],"version-history":[{"count":40,"href":"http:\/\/www.eagpv.at\/index.php?rest_route=\/wp\/v2\/pages\/84\/revisions"}],"predecessor-version":[{"id":2775,"href":"http:\/\/www.eagpv.at\/index.php?rest_route=\/wp\/v2\/pages\/84\/revisions\/2775"}],"wp:featuredmedia":[{"embeddable":true,"href":"http:\/\/www.eagpv.at\/index.php?rest_route=\/wp\/v2\/media\/87"}],"wp:attachment":[{"href":"http:\/\/www.eagpv.at\/index.php?rest_route=%2Fwp%2Fv2%2Fmedia&parent=84"}],"curies":[{"name":"wp","href":"https:\/\/api.w.org\/{rel}","templated":true}]}}